{"id":23129,"date":"2023-05-25T08:54:58","date_gmt":"2023-05-25T08:54:58","guid":{"rendered":"http:\/\/www.karneval-dipperz.de\/?page_id=23129"},"modified":"2023-05-30T17:34:05","modified_gmt":"2023-05-30T17:34:05","slug":"hauptversammlung-2023","status":"publish","type":"page","link":"http:\/\/www.karneval-dipperz.de\/index.php\/hauptversammlung-2023\/","title":{"rendered":"Hauptversammlung 2023"},"content":{"rendered":"<p><span style=\"color: #000000;\">Auch in diesem Jahr, am 25. Mai 2023, waren die Mitglieder des Karnevalverein Dipperz zur Hauptversammlung geladen. Die 1. Vorsitzende Michelle Danh\u00e4user begr\u00fc\u00dfte ca. 60 Mitglieder im B\u00fcrgerhaus Dipperz.<\/span><\/p>\n<p><a href=\"http:\/\/www.karneval-dipperz.de\/wp-content\/uploads\/2023\/05\/20230525_193546-scaled.jpg\"><img loading=\"lazy\" decoding=\"async\" class=\"size-large wp-image-23146 aligncenter\" src=\"http:\/\/www.karneval-dipperz.de\/wp-content\/uploads\/2023\/05\/20230525_193546-1024x768.jpg\" alt=\"\" width=\"700\" height=\"525\" srcset=\"http:\/\/www.karneval-dipperz.de\/wp-content\/uploads\/2023\/05\/20230525_193546-1024x768.jpg 1024w, http:\/\/www.karneval-dipperz.de\/wp-content\/uploads\/2023\/05\/20230525_193546-300x225.jpg 300w, http:\/\/www.karneval-dipperz.de\/wp-content\/uploads\/2023\/05\/20230525_193546-768x576.jpg 768w, http:\/\/www.karneval-dipperz.de\/wp-content\/uploads\/2023\/05\/20230525_193546-1536x1152.jpg 1536w, http:\/\/www.karneval-dipperz.de\/wp-content\/uploads\/2023\/05\/20230525_193546-2048x1536.jpg 2048w\" sizes=\"auto, (max-width: 700px) 100vw, 700px\" \/><\/a><\/p>\n<p><span style=\"color: #000000;\">Nach einer Gedenkminute f\u00fcr die verstorbenen Vereinsmitglieder gab Pr\u00e4sident Carsten Sch\u00fctz einen kurzen \u00dcberblick \u00fcber die vergangene Kampagne. Danach gab der 1. Schriftf\u00fchrer Sven Hampl einen kurzen R\u00fcckblick auf die Aktivit\u00e4ten des abgelaufenen Vereinsjahres. Der 1. Kassierer Steffen Schleicher berichtete von einer guten Finanzlage des Vereins, was der Kassenpr\u00fcfer Steffen Leibold best\u00e4tigen konnte. Er bescheinigte eine ordnungsgem\u00e4\u00dfe Kassenf\u00fchrung. Die 1. Vorsitzende Michelle Danh\u00e4user bedankte sich bei den Mitgliedern f\u00fcr die Einsatzbereitschaft in der zur\u00fcckliegenden Kampagne.<\/span><\/p>\n<p><a href=\"http:\/\/www.karneval-dipperz.de\/wp-content\/uploads\/2023\/05\/20230525_195230-scaled.jpg\"><img loading=\"lazy\" decoding=\"async\" class=\"size-large wp-image-23150 aligncenter\" src=\"http:\/\/www.karneval-dipperz.de\/wp-content\/uploads\/2023\/05\/20230525_195230-1024x768.jpg\" alt=\"\" width=\"700\" height=\"525\" srcset=\"http:\/\/www.karneval-dipperz.de\/wp-content\/uploads\/2023\/05\/20230525_195230-1024x768.jpg 1024w, http:\/\/www.karneval-dipperz.de\/wp-content\/uploads\/2023\/05\/20230525_195230-300x225.jpg 300w, http:\/\/www.karneval-dipperz.de\/wp-content\/uploads\/2023\/05\/20230525_195230-768x576.jpg 768w, http:\/\/www.karneval-dipperz.de\/wp-content\/uploads\/2023\/05\/20230525_195230-1536x1152.jpg 1536w, http:\/\/www.karneval-dipperz.de\/wp-content\/uploads\/2023\/05\/20230525_195230-2048x1536.jpg 2048w\" sizes=\"auto, (max-width: 700px) 100vw, 700px\" \/><\/a><\/p>\n<p><span style=\"color: #000000;\">Darauffolgend wurde der Gesamtvorstand, auf Antrag von Steffen Leibold, von der Versammlung ohne Einw\u00e4nde entlastet. Anschlie\u00dfend gingen die Trainer der einzelnen Gruppen in ihren Ausf\u00fchrungen n\u00e4her auf ihre Aktivit\u00e4ten der Kampagne 2022\/2023 ein.<\/span><\/p>\n<p><span style=\"color: #000000;\">Die sich anschlie\u00dfenden Neuwahlen, z\u00fcgig durchgef\u00fchrt von Michelle Danh\u00e4user, brachten folgendes Ergebnis:<\/span><\/p>\n<p><span style=\"color: #000000;\">Pr\u00e4sident: Carsten Sch\u00fctz<\/span><\/p>\n<p><span style=\"color: #000000;\">2. Vorsitzender: Michael Bleuel<\/span><\/p>\n<p><span style=\"color: #000000;\">1. Schriftf\u00fchrer: Sven Hampl<\/span><\/p>\n<p><span style=\"color: #000000;\">2. Kassierer: Matthias Storch<\/span><\/p>\n<p><span style=\"color: #000000;\">2. Kassenpr\u00fcfer: Steffen Leibold<\/span><\/p>\n<p><span style=\"color: #000000;\">Im weiteren Verlauf der Versammlung wurden einige Mitglieder f\u00fcr ihre langj\u00e4hrige Mitgliedschaft geehrt.<\/span><\/p>\n<p><a href=\"http:\/\/www.karneval-dipperz.de\/wp-content\/uploads\/2023\/05\/Ehrungen-50-Jahre-Mitgliedschaft.jpg\"><img loading=\"lazy\" decoding=\"async\" class=\"size-large wp-image-23159 aligncenter\" src=\"http:\/\/www.karneval-dipperz.de\/wp-content\/uploads\/2023\/05\/Ehrungen-50-Jahre-Mitgliedschaft-655x1024.jpg\" alt=\"\" width=\"655\" height=\"1024\" srcset=\"http:\/\/www.karneval-dipperz.de\/wp-content\/uploads\/2023\/05\/Ehrungen-50-Jahre-Mitgliedschaft-655x1024.jpg 655w, http:\/\/www.karneval-dipperz.de\/wp-content\/uploads\/2023\/05\/Ehrungen-50-Jahre-Mitgliedschaft-192x300.jpg 192w, http:\/\/www.karneval-dipperz.de\/wp-content\/uploads\/2023\/05\/Ehrungen-50-Jahre-Mitgliedschaft.jpg 688w\" sizes=\"auto, (max-width: 655px) 100vw, 655px\" \/><\/a><\/p>\n<p><span style=\"color: #000000;\">B\u00fcrgermeister Klaus Dieter Vogler (parteilos), bedankte sich f\u00fcr die Einladung und sprach seine Dankesworte an Vorstand und Betreuerinnen aus. Er hoffe, dass das B\u00fcrgerhaus in der neuen Kampagne wieder mit karnevalistischem Leben gef\u00fcllt werde.<\/span><\/p>\n<p><span style=\"color: #000000;\">Unter den Punkten &#8222;Kampagne 2023\/2024&#8220; und \u201cVerschiedenes\u201d wies der Vorstand auf kommende Veranstaltungen\/ Termine hin.<\/span><\/p>\n<p><span style=\"color: #000000;\">Anschlie\u00dfend wurde der offizielle Teil der Sitzung geschlossen und der Abend mit dem Tagesordnungspunkt \u201egem\u00fctliches Beisammensein\u201c beendet.<\/span><\/p>\n<p><span style=\"color: #000000;\">Anzahl Mitglieder am 25.05.2023: 350<strong><br \/>\n<\/strong><\/span><\/p>\n<p>&nbsp;<\/p>\n<p>&nbsp;<\/p>\n","protected":false},"excerpt":{"rendered":"<p>Auch in diesem Jahr, am 25. Mai 2023, waren die Mitglieder des Karnevalverein Dipperz zur Hauptversammlung geladen. Die 1. Vorsitzende Michelle Danh\u00e4user begr\u00fc\u00dfte ca. 60 Mitglieder im B\u00fcrgerhaus Dipperz. Nach einer Gedenkminute f\u00fcr die verstorbenen Vereinsmitglieder gab Pr\u00e4sident Carsten Sch\u00fctz einen kurzen \u00dcberblick \u00fcber die vergangene Kampagne. Danach gab der 1. Schriftf\u00fchrer Sven Hampl einen [&hellip;]<\/p>\n","protected":false},"author":666667,"featured_media":0,"parent":0,"menu_order":0,"comment_status":"closed","ping_status":"closed","template":"","meta":{"ngg_post_thumbnail":0,"footnotes":""},"class_list":["post-23129","page","type-page","status-publish","hentry"],"_links":{"self":[{"href":"http:\/\/www.karneval-dipperz.de\/index.php\/wp-json\/wp\/v2\/pages\/23129","targetHints":{"allow":["GET"]}}],"collection":[{"href":"http:\/\/www.karneval-dipperz.de\/index.php\/wp-json\/wp\/v2\/pages"}],"about":[{"href":"http:\/\/www.karneval-dipperz.de\/index.php\/wp-json\/wp\/v2\/types\/page"}],"author":[{"embeddable":true,"href":"http:\/\/www.karneval-dipperz.de\/index.php\/wp-json\/wp\/v2\/users\/666667"}],"replies":[{"embeddable":true,"href":"http:\/\/www.karneval-dipperz.de\/index.php\/wp-json\/wp\/v2\/comments?post=23129"}],"version-history":[{"count":0,"href":"http:\/\/www.karneval-dipperz.de\/index.php\/wp-json\/wp\/v2\/pages\/23129\/revisions"}],"wp:attachment":[{"href":"http:\/\/www.karneval-dipperz.de\/index.php\/wp-json\/wp\/v2\/media?parent=23129"}],"curies":[{"name":"wp","href":"https:\/\/api.w.org\/{rel}","templated":true}]}}