{"id":24658,"date":"2024-04-14T11:20:52","date_gmt":"2024-04-14T11:20:52","guid":{"rendered":"http:\/\/www.karneval-dipperz.de\/?page_id=24658"},"modified":"2024-05-16T07:21:31","modified_gmt":"2024-05-16T07:21:31","slug":"hauptversammlung-2024","status":"publish","type":"page","link":"http:\/\/www.karneval-dipperz.de\/index.php\/hauptversammlung-2024\/","title":{"rendered":"Hauptversammlung 2024"},"content":{"rendered":"<p><span style=\"color: #000000;\">Auch in diesem Jahr, am 5. Mai 2024, waren die Mitglieder des Karnevalverein Dipperz zur Hauptversammlung geladen. Die 1. Vorsitzende Michelle Danh\u00e4user begr\u00fc\u00dfte ca. 60 Mitglieder im B\u00fcrgerhaus Dipperz.<\/span><\/p>\n<p><a href=\"http:\/\/www.karneval-dipperz.de\/wp-content\/uploads\/2024\/05\/20240515_194049-scaled.jpg\"><img loading=\"lazy\" decoding=\"async\" class=\"size-large wp-image-24759 aligncenter\" src=\"http:\/\/www.karneval-dipperz.de\/wp-content\/uploads\/2024\/05\/20240515_194049-1024x768.jpg\" alt=\"\" width=\"700\" height=\"525\" srcset=\"http:\/\/www.karneval-dipperz.de\/wp-content\/uploads\/2024\/05\/20240515_194049-1024x768.jpg 1024w, http:\/\/www.karneval-dipperz.de\/wp-content\/uploads\/2024\/05\/20240515_194049-300x225.jpg 300w, http:\/\/www.karneval-dipperz.de\/wp-content\/uploads\/2024\/05\/20240515_194049-768x576.jpg 768w, http:\/\/www.karneval-dipperz.de\/wp-content\/uploads\/2024\/05\/20240515_194049-1536x1152.jpg 1536w, http:\/\/www.karneval-dipperz.de\/wp-content\/uploads\/2024\/05\/20240515_194049-2048x1536.jpg 2048w\" sizes=\"auto, (max-width: 700px) 100vw, 700px\" \/><\/a><\/p>\n<p><span style=\"color: #000000;\">Nach einer Gedenkminute f\u00fcr die verstorbenen Vereinsmitglieder gab Pr\u00e4sident Carsten Sch\u00fctz einen kurzen \u00dcberblick \u00fcber die vergangene Kampagne 2023\/ 2024. Danach gab der 1. Schriftf\u00fchrer Sven Hampl einen kurzen R\u00fcckblick auf die Aktivit\u00e4ten des abgelaufenen Vereinsjahres. Der 1. Kassierer Steffen Schleicher berichtete von einer guten Finanzlage des Vereins, was der Kassenpr\u00fcfer Steffen Leibold best\u00e4tigen konnte. Er bescheinigte eine ordnungsgem\u00e4\u00dfe Kassenf\u00fchrung. Die 1. Vorsitzende Michelle Danh\u00e4user bedankte sich bei den Mitgliedern f\u00fcr die Einsatzbereitschaft in der zur\u00fcckliegenden Kampagne.<\/span><\/p>\n<p><a href=\"http:\/\/www.karneval-dipperz.de\/wp-content\/uploads\/2024\/05\/20240515_194030-scaled.jpg\"><img loading=\"lazy\" decoding=\"async\" class=\"size-large wp-image-24761 aligncenter\" src=\"http:\/\/www.karneval-dipperz.de\/wp-content\/uploads\/2024\/05\/20240515_194030-1024x768.jpg\" alt=\"\" width=\"700\" height=\"525\" srcset=\"http:\/\/www.karneval-dipperz.de\/wp-content\/uploads\/2024\/05\/20240515_194030-1024x768.jpg 1024w, http:\/\/www.karneval-dipperz.de\/wp-content\/uploads\/2024\/05\/20240515_194030-300x225.jpg 300w, http:\/\/www.karneval-dipperz.de\/wp-content\/uploads\/2024\/05\/20240515_194030-768x576.jpg 768w, http:\/\/www.karneval-dipperz.de\/wp-content\/uploads\/2024\/05\/20240515_194030-1536x1152.jpg 1536w, http:\/\/www.karneval-dipperz.de\/wp-content\/uploads\/2024\/05\/20240515_194030-2048x1536.jpg 2048w\" sizes=\"auto, (max-width: 700px) 100vw, 700px\" \/><\/a><\/p>\n<p><span style=\"color: #000000;\">Darauffolgend wurde der Gesamtvorstand, auf Antrag von Steffen Leibold, von der Versammlung ohne Einw\u00e4nde entlastet. Anschlie\u00dfend gingen die Trainer:innen der einzelnen Gruppen in ihren Ausf\u00fchrungen n\u00e4her auf ihre Aktivit\u00e4ten der Kampagne 2023\/2024 ein.<\/span><\/p>\n<p><a href=\"http:\/\/www.karneval-dipperz.de\/wp-content\/uploads\/2024\/05\/20240515_194037-scaled.jpg\"><img loading=\"lazy\" decoding=\"async\" class=\"size-large wp-image-24762 aligncenter\" src=\"http:\/\/www.karneval-dipperz.de\/wp-content\/uploads\/2024\/05\/20240515_194037-1024x768.jpg\" alt=\"\" width=\"700\" height=\"525\" srcset=\"http:\/\/www.karneval-dipperz.de\/wp-content\/uploads\/2024\/05\/20240515_194037-1024x768.jpg 1024w, http:\/\/www.karneval-dipperz.de\/wp-content\/uploads\/2024\/05\/20240515_194037-300x225.jpg 300w, http:\/\/www.karneval-dipperz.de\/wp-content\/uploads\/2024\/05\/20240515_194037-768x576.jpg 768w, http:\/\/www.karneval-dipperz.de\/wp-content\/uploads\/2024\/05\/20240515_194037-1536x1152.jpg 1536w, http:\/\/www.karneval-dipperz.de\/wp-content\/uploads\/2024\/05\/20240515_194037-2048x1536.jpg 2048w\" sizes=\"auto, (max-width: 700px) 100vw, 700px\" \/><\/a><\/p>\n<p><span style=\"color: #000000;\">Im Folgenden wurde eine Satzungs\u00e4nderung f\u00fcr den neuen Posten des 2. Pr\u00e4sidenten einstimmig von der Versammlung beschlossen.<\/span><\/p>\n<p><span style=\"color: #000000;\">Die sich anschlie\u00dfenden Neuwahlen, z\u00fcgig durchgef\u00fchrt von Carsten Sch\u00fctz, brachten folgendes Ergebnis:<\/span><\/p>\n<ul>\n<li><span style=\"color: #000000;\">1. Vorsitzende \u2013 Michelle Danh\u00e4user<\/span><\/li>\n<li><span style=\"color: #000000;\">3. Vorsitzende \u2013 Elena Krick<\/span><\/li>\n<li><span style=\"color: #000000;\">2. Schriftf\u00fchrerin \u2013 Claudia Wagner<\/span><\/li>\n<li><span style=\"color: #000000;\">1. Kassierer \u2013 Steffen Schleicher<\/span><\/li>\n<li><span style=\"color: #000000;\">1. Kassenpr\u00fcfer \u2013 Martin K\u00f6nig<\/span><\/li>\n<li><span style=\"color: #000000;\">2. Kassenpr\u00fcfer \u2013 Kai Binder<\/span><\/li>\n<li><span style=\"color: #000000;\">2. Pr\u00e4sident \u2013 Steffen Leibold<\/span><\/li>\n<\/ul>\n<p><span style=\"color: #000000;\">Im weiteren Verlauf der Versammlung wurden einige Mitglieder f\u00fcr ihre langj\u00e4hrige Mitgliedschaft geehrt.<\/span><\/p>\n<p><a href=\"http:\/\/www.karneval-dipperz.de\/wp-content\/uploads\/2024\/05\/20240515_211310-scaled.jpg\"><img loading=\"lazy\" decoding=\"async\" class=\"size-large wp-image-24764 aligncenter\" src=\"http:\/\/www.karneval-dipperz.de\/wp-content\/uploads\/2024\/05\/20240515_211310-1024x768.jpg\" alt=\"\" width=\"700\" height=\"525\" srcset=\"http:\/\/www.karneval-dipperz.de\/wp-content\/uploads\/2024\/05\/20240515_211310-1024x768.jpg 1024w, http:\/\/www.karneval-dipperz.de\/wp-content\/uploads\/2024\/05\/20240515_211310-300x225.jpg 300w, http:\/\/www.karneval-dipperz.de\/wp-content\/uploads\/2024\/05\/20240515_211310-768x576.jpg 768w, http:\/\/www.karneval-dipperz.de\/wp-content\/uploads\/2024\/05\/20240515_211310-1536x1152.jpg 1536w, http:\/\/www.karneval-dipperz.de\/wp-content\/uploads\/2024\/05\/20240515_211310-2048x1536.jpg 2048w\" sizes=\"auto, (max-width: 700px) 100vw, 700px\" \/><\/a><\/p>\n<p><span style=\"color: #000000;\">Unter den Punkten \u201cKampagne 2024\/2025\u201d und \u201cVerschiedenes\u201d wies der Vorstand auf kommende Veranstaltungen\/ Termine zum 60j\u00e4hrigen Jubil\u00e4um des KVD hin.<\/span><\/p>\n<p><span style=\"color: #000000;\">Anschlie\u00dfend wurde der offizielle Teil der Sitzung geschlossen und der Abend mit dem Tagesordnungspunkt \u201egem\u00fctliches Beisammensein\u201c beendet.<\/span><\/p>\n<p><span style=\"color: #000000;\">Anzahl Mitglieder am 5.05.2024: 359<\/span><\/p>\n<p style=\"text-align: left;\">ngg_shortcode_0_placeholder<\/p>\n","protected":false},"excerpt":{"rendered":"<p>Auch in diesem Jahr, am 5. Mai 2024, waren die Mitglieder des Karnevalverein Dipperz zur Hauptversammlung geladen. Die 1. Vorsitzende Michelle Danh\u00e4user begr\u00fc\u00dfte ca. 60 Mitglieder im B\u00fcrgerhaus Dipperz. Nach einer Gedenkminute f\u00fcr die verstorbenen Vereinsmitglieder gab Pr\u00e4sident Carsten Sch\u00fctz einen kurzen \u00dcberblick \u00fcber die vergangene Kampagne 2023\/ 2024. Danach gab der 1. Schriftf\u00fchrer Sven [&hellip;]<\/p>\n","protected":false},"author":666667,"featured_media":0,"parent":0,"menu_order":0,"comment_status":"closed","ping_status":"closed","template":"","meta":{"ngg_post_thumbnail":0,"footnotes":""},"class_list":["post-24658","page","type-page","status-publish","hentry"],"_links":{"self":[{"href":"http:\/\/www.karneval-dipperz.de\/index.php\/wp-json\/wp\/v2\/pages\/24658","targetHints":{"allow":["GET"]}}],"collection":[{"href":"http:\/\/www.karneval-dipperz.de\/index.php\/wp-json\/wp\/v2\/pages"}],"about":[{"href":"http:\/\/www.karneval-dipperz.de\/index.php\/wp-json\/wp\/v2\/types\/page"}],"author":[{"embeddable":true,"href":"http:\/\/www.karneval-dipperz.de\/index.php\/wp-json\/wp\/v2\/users\/666667"}],"replies":[{"embeddable":true,"href":"http:\/\/www.karneval-dipperz.de\/index.php\/wp-json\/wp\/v2\/comments?post=24658"}],"version-history":[{"count":0,"href":"http:\/\/www.karneval-dipperz.de\/index.php\/wp-json\/wp\/v2\/pages\/24658\/revisions"}],"wp:attachment":[{"href":"http:\/\/www.karneval-dipperz.de\/index.php\/wp-json\/wp\/v2\/media?parent=24658"}],"curies":[{"name":"wp","href":"https:\/\/api.w.org\/{rel}","templated":true}]}}